{"id":6,"date":"2019-03-08T13:47:08","date_gmt":"2019-03-08T13:47:08","guid":{"rendered":"https:\/\/codeless.co\/specular\/education\/?page_id=6"},"modified":"2025-09-23T14:30:50","modified_gmt":"2025-09-23T14:30:50","slug":"6-2","status":"publish","type":"page","link":"https:\/\/investigacionymonitorizacionensayos.es\/","title":{"rendered":"Home"},"content":{"rendered":"<div class=\"wpb-content-wrapper\"><p>[vc_row][vc_column][separator width=&#8221;80px&#8221; height=&#8221;80px&#8221; color=&#8221;&#8221;][\/vc_column][\/vc_row][vc_row bg_color=&#8221;#095889&#8243; text_color=&#8221;light&#8221; transparency=&#8221;1&#8243;][vc_column width=&#8221;1\/3&#8243; background_color_opacity=&#8221;0.9&#8243; css=&#8221;.vc_custom_1709028707612{padding-top: 42px !important;padding-right: 10px !important;padding-bottom: 10px !important;padding-left: 10px !important;}&#8221;][services_medium title=&#8221;\u00bfPara qui\u00e9n?&#8221; style=&#8221;style_2&#8243; icon=&#8221;moon-accessibility&#8221; icon_color=&#8221;#00cccc&#8221; circle_color=&#8221;#f5f5f5&#8243; border_color=&#8221;#ffffff&#8221; dynamic_content_link=&#8221;&#8221;]Abierto a graduados\/as de las siguientes titulaciones: Medicina, Enfermer\u00eda, Fisioterapia, Farmacia, Psicolog\u00eda, Biolog\u00eda, Bioqu\u00edmica, Biotecnolog\u00eda o afines.[\/services_medium][\/vc_column][vc_column width=&#8221;1\/3&#8243; centered_cont=&#8221;true&#8221; background_color_opacity=&#8221;.9&#8243; css=&#8221;.vc_custom_1709029501131{padding-top: 42px !important;padding-right: 10px !important;padding-bottom: 10px !important;padding-left: 10px !important;}&#8221;][services_medium title=&#8221;Fechas Importantes&#8221; style=&#8221;style_2&#8243; icon=&#8221;linecon-icon-calendar&#8221; icon_color=&#8221;#00cccc&#8221; circle_color=&#8221;#f5f5f5&#8243; border_color=&#8221;&#8221; dynamic_content_link=&#8221;&#8221;]<strong>Preinscripci\u00f3n:<\/strong>22\/05\/2025\u00a0 hasta 01\/10\/2025<br \/>\n<strong>Inicio:<\/strong> 16 de Octubre de 2025<br \/>\n<strong>Finaliza: <\/strong>14 de Mayo de 2026<br \/>\n<strong>Duraci\u00f3n:<\/strong> 8 meses.<br \/>\n<strong>Cr\u00e9ditos:<\/strong> 15 ECTS[\/services_medium][\/vc_column][vc_column width=&#8221;1\/3&#8243; background_color_opacity=&#8221;.9&#8243; css=&#8221;.vc_custom_1709028692672{padding-top: 42px !important;padding-right: 10px !important;padding-bottom: 10px !important;padding-left: 10px !important;}&#8221;][services_medium title=&#8221;Pr\u00e1cticas&#8221; style=&#8221;style_2&#8243; icon=&#8221;moon-lab&#8221; icon_color=&#8221;#00cccc&#8221; circle_color=&#8221;#f5f5f5&#8243; border_color=&#8221;&#8221; dynamic_content_link=&#8221;&#8221;]Se oferta la posibilidad de realizaci\u00f3n de pr\u00e1cticas extracurriculares no remuneradas en Unidades de Ensayos Cl\u00ednicos de alto prestigio pertenecientes a la Plataforma ISCIII de Soporte para la Investigaci\u00f3n Cl\u00ednica, SCReN.[\/services_medium][\/vc_column][\/vc_row][vc_row type=&#8221;full_width_background&#8221; top_padding=&#8221;90&#8243; bottom_padding=&#8221;30&#8243; el_id=&#8221;info&#8221;][vc_column width=&#8221;1\/2&#8243;][block_title style=&#8221;column_title&#8221; title=&#8221;Conoce el t\u00edtulo&#8221;][\/block_title][vc_column_text]Una formaci\u00f3n innovadora hacia la vanguardia del mundo laboral en el campo de la Investigaci\u00f3n Cl\u00ednica, la intersecci\u00f3n entre la ciencia y la pr\u00e1ctica cl\u00ednica, donde cada descubrimiento puede cambiar vidas.<\/p>\n<p>Guiado por un profesorado altamente cualificado, nuestro programa te sumergir\u00e1 con un enfoque fundamentalmente pr\u00e1ctico en el dominio de herramientas esenciales para la Investigaci\u00f3n Cl\u00ednica y Monitorizaci\u00f3n de Ensayos Cl\u00ednicos adem\u00e1s de capacitarte en el dise\u00f1o y realizaci\u00f3n de estudios cl\u00ednicos \u00a1Prep\u00e1rate para ser el profesional que las organizaciones buscan![\/vc_column_text][vc_btn title=&#8221;Folleto informativo&#8221; color=&#8221;primary&#8221; size=&#8221;lg&#8221; align=&#8221;left&#8221; css=&#8221;&#8221; link=&#8221;url:https%3A%2F%2Finvestigacionymonitorizacionensayos.es%2Fwp-content%2Fuploads%2F2025%2F08%2Fflyer-experto-08.08.2025.pdf|target:_blank&#8221;][\/vc_column][vc_column width=&#8221;1\/2&#8243;][media animation=&#8221;none&#8221; image=&#8221;359&#8243;][\/vc_column][\/vc_row][vc_row type=&#8221;full_width_background&#8221; bg_color=&#8221;#f7f7f7&#8243; el_id=&#8221;titulo&#8221;][vc_column][block_title style=&#8221;column_title&#8221; title=&#8221;Caracter\u00edsticas&#8221;][\/block_title][vc_column_text css=&#8221;&#8221;]Curso online de formaci\u00f3n y capacitaci\u00f3n para la mejor comprensi\u00f3n de la estricta regulaci\u00f3n de la investigaci\u00f3n cl\u00ednica, sus aspectos \u00e9ticos, administrativos, monitorizaci\u00f3n y de gesti\u00f3n de ensayos[\/vc_column_text][vc_tabs style=&#8221;style_1&#8243;][vc_tab title=&#8221;Perfil de acceso&#8221; tab_id=&#8221;1408616566596-2-999a0-0618&#8243;][vc_column_text]Abierto a graduados\/as de las siguientes titulaciones: Medicina, Enfermer\u00eda, Fisioterapia, Farmacia, Psicolog\u00eda, Biolog\u00eda, Bioqu\u00edmica, Biotecnolog\u00eda o afines as\u00ed como estudiantes que le resten 30 cr\u00e9ditos para finalizar su grado.[\/vc_column_text][\/vc_tab][vc_tab title=&#8221;Plan de Estudios&#8221; tab_id=&#8221;1408616647584-2-599a0-0618&#8243;][vc_column_text css=&#8221;&#8221;]<strong>M\u00f3dulo 1: ASPECTOS FUNDAMENTALES DE LA INVESTIGACI\u00d3N BIOM\u00c9DICA (20h+10CVh).<\/strong><\/p>\n<p><em>Desarrollar competencias para comprender la acci\u00f3n de los medicamentos mediante conocimientos fundamentales de farmacocin\u00e9tica y farmacodinamia, entender las etapas y requisitos regulatorios del desarrollo cl\u00ednico de medicamentos, as\u00ed como planificar y evaluar la seguridad de los ensayos cl\u00ednicos a trav\u00e9s de la farmacovigilancia. Este bloque trata los principios esenciales de la Farmacolog\u00eda Cl\u00ednica y la prescripci\u00f3n de medicamentos, la monitorizaci\u00f3n de f\u00e1rmacos y el desarrollo cl\u00ednico de nuevos medicamentos. Adem\u00e1s, se exploran los diferentes tipos de estudios cl\u00ednicos, as\u00ed como el marco regulatorio y \u00e9tico que rige la investigaci\u00f3n biom\u00e9dica. Se realizar\u00e1 un estudio en profundidad sobre los aspectos diferenciales de la investigaci\u00f3n cl\u00ednica con terapias avanzadas y las estrategias para realizar una Medicina Personalizada y de Precisi\u00f3n.<\/em><\/p>\n<p><strong>M\u00f3dulo 2: METODOLOG\u00cdA DE LA INVESTIGACI\u00d3N: ASPECTOS CLAVES EN EL DISE\u00d1O DE UN ENSAYO CL\u00cdNICO. ELABORACI\u00d3N DE UN PROTOCOLO DE INVESTIGACI\u00d3N (36+10CVh)<\/strong><\/p>\n<p><em>Adquirir habilidades en la elaboraci\u00f3n de protocolos cient\u00edficamente impecables y donde los principios \u00e9ticos est\u00e1n correctamente contemplados, con criterios de selecci\u00f3n adecuados, gestionar ensayos innovadores en \u00e1reas como terapias avanzadas, e integrar nuevas tendencias para dise\u00f1ar ensayos eficaces con estrategias emergentes. Aqu\u00ed, el aprendizaje contin\u00faa en torno a los ensayos cl\u00ednicos, partiendo de la primera de las bases, la elaboraci\u00f3n de un protocolo. Para ello, se impartir\u00e1 conocimientos para identificar objetivos relevantes, construir hip\u00f3tesis s\u00f3lidas, dise\u00f1ar variables y medidas de resultado efectivas, y abordar aspectos \u00e9ticos cruciales, como el consentimiento informado y el uso de placebo. Tambi\u00e9n, se presentar\u00e1n las \u00faltimas estrategias innovadoras en el dise\u00f1o de ensayos cl\u00ednicos.<\/em><\/p>\n<p><strong>M\u00f3dulo 3: LOS ENSAYOS CL\u00cdNICOS<\/strong><\/p>\n<p><strong>ENSAYOS CLINICOS 1. PLANIFICACI\u00d3N, PUESTA EN MARCHA Y SEGUIMIENTO DE UN ENSAYO CL\u00cdNICO.(16 h + 6 CV h)<\/strong><\/p>\n<p><em>Se abordar\u00e1n los pasos necesarios para planificar y llevar a cabo un ensayo cl\u00ednico, desde la b\u00fasqueda de financiaci\u00f3n hasta la solicitud de autorizaci\u00f3n y la gesti\u00f3n eficiente de proyectos y de muestras biol\u00f3gicas. Desarrollar competencias en la coordinaci\u00f3n de equipos, se explorar\u00e1n los roles clave en la investigaci\u00f3n cl\u00ednica, el uso de nuevas tecnol\u00f3gicas para la descentralizaci\u00f3n de los ensayos cl\u00ednicos o la importancia de la participaci\u00f3n de las asociaciones de pacientes as\u00ed como el dominio de los procedimientos de autorizaci\u00f3n y registro para garantizar la calidad y transparencia de la investigaci\u00f3n cl\u00ednica.<\/em><\/p>\n<div><strong>ENSAYOS CLINICOS 2. MONITORIZACI\u00d3N DE LOS ENSAYOS CL\u00cdNICOS. (36 h +16 CV)<\/strong><\/div>\n<p><em>Aplicar las normas de Buena Pr\u00e1ctica Cl\u00ednica para asegurar la calidad e integridad de los datos a gestionar, acontecimientos adversos y desviaciones del protocolo de manera efectiva, y emplear tecnolog\u00edas innovadoras para una monitorizaci\u00f3n eficiente y de alta calidad, facilitando elementos para una capacitaci\u00f3n plena en monitorizaci\u00f3n de ensayos cl\u00ednicos.<\/em><\/p>\n<p><strong>Pr\u00e1cticas extracurriculares:<\/strong> Se oferta la posibilidad de realizar pr\u00e1cticas no remuneradas (no son obligatorias) en Unidades de Ensayos Cl\u00ednicos de alto prestigio pertenecientes a la Plataforma ISCIII de Soporte para la Investigaci\u00f3n Cl\u00ednica, SCReN.[\/vc_column_text][\/vc_tab][vc_tab title=&#8221;Docentes&#8221; tab_id=&#8221;1716203856612-4-0&#8243;][vc_column_text css=&#8221;&#8221;]<\/p>\n<ul>\n<li><strong>Ismael \u00c1lvarez \u00c1lvarez.<\/strong> Instituto de Investigaci\u00f3n Biom\u00e9dica de M\u00e1laga y Plataforma en Nanomedicina (IBIMA_Plataforma BIONAND). M\u00e1laga<\/li>\n<li><strong>Ana Aldea Perona.<\/strong> Profesora Asociada de la Universidad Pompeu i Fabra. Coordinadora de la Unidad de Investigaci\u00f3n Cl\u00ednica. Hospital del Mar Research Institute.<\/li>\n<li><strong>Rosa Antonijoan Arbos.<\/strong> Servicio de Farmacolog\u00eda Cl\u00ednica HSCSP. Institut de Recerca Sant Pau. Departamento Farmacolog\u00eda UAB. Barcelona<\/li>\n<li><strong>Inmaculada Bellido Est\u00e9vez.<\/strong> Departamento de Farmacolog\u00eda y Pediatr\u00eda, Universidad de M\u00e1laga. M\u00e1laga<\/li>\n<li><strong>Encarnaci\u00f3n Blanco Reina.<\/strong> Departamento de Farmacolog\u00eda y Pediatr\u00eda, Universidad de M\u00e1laga. M\u00e1laga<\/li>\n<li><strong>Elvira Bonilla Toyos.<\/strong> Unidad de Investigaci\u00f3n Cl\u00ednica y Ensayos Cl\u00ednicos del IBIMA (UICEC-IBIMA). M\u00e1laga<\/li>\n<li><strong>Alberto M. Borobia P\u00e9rez.<\/strong> Plataforma coordinadora SCReN. Servicio de Farmacolog\u00eda Cl\u00ednica, Hospital Universitario La Paz, Universidad Aut\u00f3noma de Madrid.<\/li>\n<li><strong>Mar\u00eda Rosario Cabello Porras.<\/strong> Departamento de Farmacolog\u00eda y Pediatr\u00eda, Universidad de M\u00e1laga. M\u00e1laga<\/li>\n<li><strong>Jos\u00e9 C\u00e1rdenas Quesada.<\/strong> Unidad de Investigaci\u00f3n Cl\u00ednica y Ensayos Cl\u00ednicos del IBIMA (UICEC-IBIMA). M\u00e1laga<\/li>\n<li><strong>Paula Callejo Garc\u00eda.<\/strong> Responsable de Calidad y Gesti\u00f3n de Estudios C\u00ednicos. Fundaci\u00f3n P\u00fablica Andaluza Progreso y Salud<\/li>\n<li><strong>Rafael Dal-R\u00e9.<\/strong> Unidad de Epidemiolog\u00eda Instituto de Investigaci\u00f3n Sanitaria. Hospital Universitario Fundaci\u00f3n Jim\u00e9nez D\u00edaz. UAM. Madrid.<\/li>\n<li><strong>Francisco Jos\u00e9 de Abajo Iglesias.<\/strong> Unidad de Farmacolog\u00eda Cl\u00ednica. Hospital Universitario Pr\u00edncipe de Asturias, Universidad de Alcal\u00e1. Alcal\u00e1 de Henares<\/li>\n<li><strong>Carola D\u00edaz Aizp\u00fan.<\/strong> Responsable de la coordinaci\u00f3n de los ensayos con CAR-T cells. Hospital Regional Universitario de M\u00e1laga.<\/li>\n<li><strong>Tatiana D\u00edaz C\u00f3rdoba.<\/strong> Coordinadora ECAI Biobanco Provincial de M\u00e1laga IBIMA_Plataforma Bionand<\/li>\n<li><strong>Joaquin Dopazo.<\/strong> Director de la Plataforma de Medicina Computacional. Fundaci\u00f3n Progreso y Salud. Sevilla. Fundador de la Sociedad Espa\u00f1ola de IA en Biomedicina<\/li>\n<li><strong>Mag\u00ed Farr\u00e9 Albaladejo.<\/strong>\u00a0Servicio de Farmacolog\u00eda Cl\u00ednica, Institut de Recerca Germans Trias i Pujol. Badalona. Departamento de Farmacolog\u00eda UAB. Barcelona<\/li>\n<li><strong>Pedro Ferro Gallego.<\/strong> Personal T\u00e9cnico del Comit\u00e9 de \u00c9tica de la Investigaci\u00f3n Provincial de M\u00e1laga.<\/li>\n<li><strong>Antonio Garcia Garcia.<\/strong> M\u00e9dico y Farmac\u00f3logo Cl\u00ednico Catedr\u00e1tico em\u00e9rito de farmacolog\u00eda. Universidad Aut\u00f3noma de Madrid. Presidente de la Fundaci\u00f3n Teofilo Hernando.<\/li>\n<li><strong>Mar\u00eda Teresa Garc\u00eda Morales.<\/strong> Clinical Data Manager Plataforma SCReN. Madrid<\/li>\n<li><strong>Carlos Garc\u00eda P\u00e9rez.<\/strong> Secretario T\u00e9cnico del Comit\u00e9 de \u00c9tica de la Investigaci\u00f3n Provincial de Sevilla.<\/li>\n<li><strong>Antonio Garc\u00eda Ruiz.<\/strong> Departamento de Farmacolog\u00eda y Pediatr\u00eda, Universidad de M\u00e1laga. M\u00e1laga<\/li>\n<li><strong>Nuria Garc\u00eda-Agua Soler.<\/strong> Departamento de Farmacolog\u00eda y Pediatr\u00eda, Universidad de M\u00e1laga. M\u00e1laga<\/li>\n<li><strong>Leovigildo Ginel Mendoza.<\/strong> Medico Atenci\u00f3n Primaria. Centro de Salud Ciudad Jard\u00edn. M\u00e1laga<\/li>\n<li><strong>Rosa G\u00f3mez G\u00e1lvez.<\/strong> Responsable de la Oficina de Proyectos Internacionales. Fundaci\u00f3n para la Investigaci\u00f3n de M\u00e1laga en Biomedicina y Salud. M\u00e1laga<\/li>\n<li><strong>Antonio G\u00f3mez Outes.<\/strong> Agencia Espa\u00f1ola de Medicamentos y Productos Sanitarios (AEMPS). Madrid<\/li>\n<li><strong>Mar\u00eda Gonzalez Bueno.<\/strong> Monitora de ensayos cl\u00ednicos Unidad de Apoyo a la Investigaci\u00f3n Cl\u00ednica. Hospital Universitario La princesa. Madrid<\/li>\n<li><strong>Jos\u00e9 Antonio Gonz\u00e1lez Correa.<\/strong> Departamento de Farmacolog\u00eda y Pediatr\u00eda, Universidad de M\u00e1laga.<\/li>\n<li><strong>Isabel Guerrero Molina.<\/strong> Responsable de Innovaci\u00f3n y Transferencia de Tecnolog\u00eda. Fundaci\u00f3n para la Investigaci\u00f3n de M\u00e1laga en Biomedicina y Salud. M\u00e1laga<\/li>\n<li><strong>Jos\u00e9 Miguel Guzm\u00e1n de Damas.<\/strong> Gerente Fundaci\u00f3n para la Investigaci\u00f3n de M\u00e1laga en Biomedicina y Salud. M\u00e1laga<\/li>\n<li><strong>Andr\u00e9s Jim\u00e9nez Gonz\u00e1lez.<\/strong> ECAI de Bioinform\u00e1tica. Instituto de Investigaci\u00f3n Biom\u00e9dica de M\u00e1laga y Plataforma en Nanomedicina (IBIMA_Plataforma BIONAND). M\u00e1laga<\/li>\n<li><strong>Laura Leyva Fern\u00e1ndez.<\/strong> Departamento de Farmacolog\u00eda y Pediatr\u00eda, Universidad de M\u00e1laga. M\u00e1laga<\/li>\n<li><strong>Esperanza L\u00f3pez Franco.<\/strong> Unidad de Investigaci\u00f3n Cl\u00ednica y Ensayos Cl\u00ednicos del Instituto de Investigaci\u00f3n Biom\u00e9dica de Salamanca (UICEC-IBSAL). Salamanca<\/li>\n<li><strong>Mar\u00eda Isabel Lucena Gonz\u00e1lez.<\/strong> Servicio de Farmacolog\u00eda Cl\u00ednica. Hospital Universitario Virgen de la Victoria. Universidad de M\u00e1laga. M\u00e1laga<\/li>\n<li><strong>Mar\u00eda del Mar Mac\u00edas S\u00e1nchez.<\/strong> T\u00e9cnico Especialista de farmacovigilancia. Red Andaluza de Dise\u00f1o y Traslaci\u00f3n de Terapias Avanzadas.<\/li>\n<li><strong>Francisco Martos Crespo.<\/strong> Departamento de Farmacolog\u00eda y Pediatr\u00eda, Universidad de M\u00e1laga. M\u00e1laga<\/li>\n<li><strong>Elisa Martin Monta\u00f1ez.<\/strong> Departamento de Farmacolog\u00eda y Pediatr\u00eda, Universidad de M\u00e1laga. M\u00e1laga<\/li>\n<li><strong>Inmaculada Medina C\u00e1liz.<\/strong> Departamento de Farmacolog\u00eda y Pediatr\u00eda, Universidad de M\u00e1laga. M\u00e1laga<\/li>\n<li><strong>Gina Mej\u00eda.<\/strong> Servicio de Farmacolog\u00eda Cl\u00ednica, Hospital Universitario de la Princesa. Madrid<\/li>\n<li><strong>Inmaculada Mena Ram\u00edrez.<\/strong> Responsable de Asuntos Jur\u00eddicos y Contrataci\u00f3n de Estudios Cl\u00ednicos. Fundaci\u00f3n para la Investigaci\u00f3n de M\u00e1laga en Biomedicina y Salud. M\u00e1laga<\/li>\n<li><strong>Roc\u00edo Moreno Gonz\u00e1lez.<\/strong> Unidad de Investigaci\u00f3n Cl\u00ednica y Ensayos Cl\u00ednicos del IBIMA (UICEC-IBIMA). M\u00e1laga<\/li>\n<li><strong>David Moreno Perez<\/strong>. Director del Plan Estrat\u00e9gico de Vacunaciones de Andaluc\u00eda. Profesor Departamento de Farmacologia y Pediatria. UMA<\/li>\n<li><strong>Hao Niu.<\/strong> Departamento de Farmacolog\u00eda y Pediatr\u00eda, Universidad de M\u00e1laga. M\u00e1laga<\/li>\n<li><strong>Rita Nogueiras \u00c1lvarez.<\/strong> Hospital Galdakao-Usansolo. Galdakao<\/li>\n<li><strong>Esmeralda Nu\u00f1ez Cuadros. <\/strong>Jefa de servicio de la UGC de Pediatr\u00eda. Hospital Materno Infantil Malaga. IBIMA Plataforma Bionand. UMA<\/li>\n<li><strong>Blanca O\u2019Donnell Cort\u00e9s.<\/strong> Profesora Asociada del Departamento de Salud P\u00fablica y Psiquiatr\u00eda. Universidad de M\u00e1laga. Facultativo Especialista de \u00c1rea. Medicina Preventiva y Salud P\u00fablica. Hospital Universitario Virgen de la Victoria, M\u00e1laga<\/li>\n<li><strong>Mar\u00eda Jos\u00e9 Palomo Corado.<\/strong> Responsable de Gesti\u00f3n de Convocatorias. Captaci\u00f3n de fondos y fomento de la I+D+i. Fundaci\u00f3n para la Investigaci\u00f3n de M\u00e1laga en Biomedicina y Salud. M\u00e1laga<\/li>\n<li><strong>Francisco Javier P\u00e9rez Fr\u00edas.<\/strong> Departamento de Farmacolog\u00eda y Pediatr\u00eda, Universidad de M\u00e1laga. M\u00e1laga<\/li>\n<li><strong>Antonio Portol\u00e9s P\u00e9rez.<\/strong> Servicio de Farmacolog\u00eda Cl\u00ednica, Hospital Cl\u00ednico San Carlos. Departamento de Farmacolog\u00eda. Universidad Complutense, Madrid<\/li>\n<li><strong>Roc\u00edo Prieto P\u00e9rez.<\/strong> Unidad de Investigaci\u00f3n Cl\u00ednica y Ensayos Cl\u00ednicos del Hospital La Paz (UICEC-HULP). Madrid<\/li>\n<li><strong>Blanca Quijano Ruiz.<\/strong> Coordinadora Cl\u00ednica. Red Andaluza de dise\u00f1o y traslaci\u00f3n de Terapias Avanzadas. Fundaci\u00f3n Progreso y Salud. M.P., Sevilla<\/li>\n<li><strong>Jose R\u00edos Guillermo.<\/strong> Profesor Asociado del Departamento de Pediatr\u00eda, Obstetricia y Ginecolog\u00eda y de Medicina Preventiva y Salud P\u00fablica. Universidad Aut\u00f3noma de Barcelona. Coordinador de la Plataforma de Bioestad\u00edstica y Gesti\u00f3n de Datos. Instituto de Investigaciones Biom\u00e9dicas August Pi i Sunyer (IDIBAPS). Barcelona<\/li>\n<li><strong>Mercedes Robles D\u00edaz.<\/strong> Departamento de Medicina y Dermatolog\u00eda. Universidad de M\u00e1laga. M\u00e1laga<\/li>\n<li><strong>Antonio Rodr\u00edguez Acosta.<\/strong> Unidad de Producci\u00f3n Celular Hospital Regional Universitario de M\u00e1laga.<\/li>\n<li><strong>Rosalia Ruano Camps.<\/strong> Division de Farmacologia y Evaluaci\u00f3n Clinica. AEMPS, Madrid. Miembro del Scientific Advice Working Party de la EMA.<\/li>\n<li><strong>Judith Sanabria Cabrera.<\/strong> Servicio de Farmacolog\u00eda Cl\u00ednica. Hospital Universitario Virgen de la Victoria. Universidad de M\u00e1laga. M\u00e1laga<\/li>\n<li><strong>Camilla Stephens.<\/strong> Departamento de Farmacolog\u00eda y Pediatr\u00eda, Universidad de M\u00e1laga. M\u00e1laga<\/li>\n<li><strong>Gianni Tognoni.<\/strong> Fondazione Internazionale Basso, Roma<\/li>\n<li><strong>Emilio Vargas Castrill\u00f3n.<\/strong> Servicio de Farmacolog\u00eda Cl\u00ednica. Hospital Cl\u00ednico San Carlos, Departamento de Farmacolog\u00eda. Universidad Complutense, Madrid<\/li>\n<\/ul>\n<p>[\/vc_column_text][\/vc_tab][vc_tab title=&#8221;Instituciones Docentes&#8221; tab_id=&#8221;1731411515248-5-10&#8243;][vc_empty_space height=&#8221;20px&#8221;][vc_row_inner css=&#8221;.vc_custom_1731411705888{background-color: #ffffff !important;}&#8221;][vc_column_inner width=&#8221;1\/5&#8243;][media image=&#8221;470&#8243;][\/vc_column_inner][vc_column_inner width=&#8221;1\/5&#8243;][media image=&#8221;471&#8243;][\/vc_column_inner][vc_column_inner width=&#8221;1\/5&#8243;][media image=&#8221;472&#8243;][\/vc_column_inner][vc_column_inner width=&#8221;1\/5&#8243;][media image=&#8221;473&#8243;][\/vc_column_inner][vc_column_inner width=&#8221;1\/5&#8243;][media image=&#8221;474&#8243;][\/vc_column_inner][\/vc_row_inner][vc_row_inner css=&#8221;.vc_custom_1731411705888{background-color: #ffffff !important;}&#8221;][vc_column_inner width=&#8221;1\/5&#8243;][media image=&#8221;475&#8243;][\/vc_column_inner][vc_column_inner width=&#8221;1\/5&#8243;][media image=&#8221;476&#8243;][\/vc_column_inner][vc_column_inner width=&#8221;1\/5&#8243;][media image=&#8221;477&#8243;][\/vc_column_inner][vc_column_inner width=&#8221;1\/5&#8243;][media image=&#8221;478&#8243;][\/vc_column_inner][vc_column_inner width=&#8221;1\/5&#8243;][media image=&#8221;479&#8243;][\/vc_column_inner][\/vc_row_inner][vc_row_inner css=&#8221;.vc_custom_1731411705888{background-color: #ffffff !important;}&#8221;][vc_column_inner width=&#8221;1\/5&#8243;][media image=&#8221;480&#8243;][\/vc_column_inner][vc_column_inner width=&#8221;1\/5&#8243;][media image=&#8221;481&#8243;][\/vc_column_inner][vc_column_inner width=&#8221;1\/5&#8243;][media image=&#8221;482&#8243;][\/vc_column_inner][vc_column_inner width=&#8221;1\/5&#8243;][media image=&#8221;483&#8243;][\/vc_column_inner][vc_column_inner width=&#8221;1\/5&#8243;][media image=&#8221;484&#8243;][\/vc_column_inner][\/vc_row_inner][vc_row_inner css=&#8221;.vc_custom_1731411705888{background-color: #ffffff !important;}&#8221;][vc_column_inner width=&#8221;1\/5&#8243;][media image=&#8221;485&#8243;][\/vc_column_inner][vc_column_inner width=&#8221;1\/5&#8243;][media image=&#8221;486&#8243;][\/vc_column_inner][vc_column_inner width=&#8221;1\/5&#8243;][media image=&#8221;487&#8243;][\/vc_column_inner][vc_column_inner width=&#8221;1\/5&#8243;][media image=&#8221;488&#8243;][\/vc_column_inner][vc_column_inner width=&#8221;1\/5&#8243;][media image=&#8221;489&#8243;][\/vc_column_inner][\/vc_row_inner][vc_row_inner css=&#8221;.vc_custom_1731411705888{background-color: #ffffff !important;}&#8221;][vc_column_inner width=&#8221;1\/5&#8243;][media image=&#8221;490&#8243;][\/vc_column_inner][vc_column_inner width=&#8221;1\/5&#8243;][media link=&#8221;https:\/\/www.fondazionebasso.it\/2015\/&#8221; image=&#8221;504&#8243;][\/vc_column_inner][vc_column_inner width=&#8221;1\/5&#8243;][media link=&#8221;https:\/\/www.ema.europa.eu\/en\/homepage&#8221; image=&#8221;506&#8243;][\/vc_column_inner][vc_column_inner width=&#8221;1\/5&#8243;][media link=&#8221;https:\/\/www.ema.europa.eu\/en\/homepage&#8221; image=&#8221;522&#8243;][\/vc_column_inner][vc_column_inner width=&#8221;1\/5&#8243;][media link=&#8221;https:\/\/www.ema.europa.eu\/en\/homepage&#8221; image=&#8221;521&#8243;][\/vc_column_inner][\/vc_row_inner][vc_row_inner css=&#8221;.vc_custom_1731411705888{background-color: #ffffff !important;}&#8221;][vc_column_inner width=&#8221;1\/5&#8243;][media image=&#8221;520&#8243;][\/vc_column_inner][vc_column_inner width=&#8221;1\/5&#8243;][media link=&#8221;https:\/\/www.fondazionebasso.it\/2015\/&#8221; image=&#8221;519&#8243;][\/vc_column_inner][vc_column_inner width=&#8221;1\/5&#8243;][media link=&#8221;https:\/\/www.ema.europa.eu\/en\/homepage&#8221; image=&#8221;518&#8243;][\/vc_column_inner][vc_column_inner width=&#8221;1\/5&#8243;][media link=&#8221;https:\/\/www.ema.europa.eu\/en\/homepage&#8221; image=&#8221;517&#8243;][\/vc_column_inner][vc_column_inner width=&#8221;1\/5&#8243;][media link=&#8221;https:\/\/www.ema.europa.eu\/en\/homepage&#8221; image=&#8221;516&#8243;][\/vc_column_inner][\/vc_row_inner][\/vc_tab][vc_tab title=&#8221;Caracter\u00edsticas&#8221; tab_id=&#8221;1709036332766-3-1&#8243;][vc_column_text css=&#8221;&#8221;]<strong>Inicio:<\/strong> 16 de Octubre de 2025<\/p>\n<p><strong>Duraci\u00f3n:<\/strong> 8 meses. Finaliza el 14 de Mayo de 2026 Cr\u00e9ditos: 15 ECTS<\/p>\n<p><strong>Direcci\u00f3n:<\/strong> Profesora Mar\u00eda Isabel Lucena Gonz\u00e1lez<\/p>\n<p><strong>Codirecci\u00f3n:<\/strong> Profesora Judith Sanabria Cabrera<\/p>\n<p><strong>Secretaria<\/strong>: Aur\u00e9lie Papineau<\/p>\n<p><strong>Localizaci\u00f3n:<\/strong> Departamento de Farmacolog\u00eda y Pediatr\u00eda, Facultad de Medicina UMA, Campus Teatinos<\/p>\n<p><strong>Modalidad online:<\/strong> el curso se imparte de <strong>forma virtual<\/strong>, con <strong>clases s\u00edncronas todos los jueves de 16:00 a 20:00 h.<\/strong><br \/>\n<em>Opci\u00f3n presencial*<\/em>: el alumnado de M\u00e1laga puede asistir f\u00edsicamente en el Aula de Comunicaci\u00f3n de la Universidad de M\u00e1laga (Edificio L\u00f3pez de Pe\u00f1alver, c\/ Jim\u00e9nez Fraud, 10).<\/p>\n<p><strong>Precio:<\/strong> 800 \u20ac en 2 plazos.<\/p>\n<p><b>Preinscripci\u00f3n:<\/b>\u00a0\u00a0400.00 \u20ac<br \/>\n<b>Plazo de preinscripci\u00f3n:<\/b> \u00a0desde \u00a0\u00a022\/05\/2025 \u00a0\u00a0 hasta 01\/10\/2025<br \/>\n<b>Fecha pago preinscripci\u00f3n hasta:<\/b>\u00a0 01\/10\/2025<\/p>\n<p><b>Plazo de matr\u00edcula:<\/b> \u00a0desde \u00a0\u00a022\/09\/2025 \u00a0\u00a0 hasta \u00a0\u00a0\u00a0 04\/10\/2025<br \/>\n<b>1\u00ba plazo:<\/b>\u00a0\u00a0400.00 \u20ac\u00a0\u00a0\u00a0\u00a0\u00a0\u00a0\u00a0<b>Fecha:<\/b>\u00a0\u00a0hasta 10\/10\/2025<br \/>\n<b>2\u00ba plazo:<\/b>\u00a0\u00a00.00 \u20ac\u00a0\u00a0\u00a0\u00a0\u00a0\u00a0\u00a0<b>Fecha:<\/b>\u00a0\u00a0hasta 10\/10\/2025<\/p>\n<p>Permitido el pago por tarjeta bancaria. Permitido el pago presencial.[\/vc_column_text][\/vc_tab][vc_tab title=&#8221;Salidas Profesionales&#8221; tab_id=&#8221;1408616313-2-8699a0-0618&#8243;][vc_column_text]Tras la consecuci\u00f3n de este Diploma de Experto en Investigaci\u00f3n Cl\u00ednica y Monitorizaci\u00f3n de Ensayos Cl\u00ednicos capacitante se abre un amplio abanico de oportunidades profesionales. La realizaci\u00f3n de las pr\u00e1cticas ofertadas permiten ingresar de manera inmediata en el \u00e1mbito de la Investigaci\u00f3n Cl\u00ednica, desde instituciones hospitalarias y la din\u00e1mica industria farmac\u00e9utica hasta destacadas CROs. Podr\u00e1s asumir roles clave como Study Coordinator, Clinical Research Associate, Monitor o Clinical Trial Assistant.[\/vc_column_text][\/vc_tab][\/vc_tabs][vc_row_inner][vc_column_inner width=&#8221;1\/4&#8243;][vc_icon icon_fontawesome=&#8221;fas icon-building&#8221; color=&#8221;custom&#8221; size=&#8221;xl&#8221; align=&#8221;center&#8221; custom_color=&#8221;#0099cc&#8221;][vc_column_text]<\/p>\n<p style=\"text-align: center;\"><strong>Coordinaci\u00f3n<\/strong><\/p>\n<p style=\"text-align: center;\">Departamento de Farmacolog\u00eda y Pediatr\u00eda<\/p>\n<p>[\/vc_column_text][\/vc_column_inner][vc_column_inner width=&#8221;1\/4&#8243; centered_cont_vertical=&#8221;true&#8221;][vc_icon icon_fontawesome=&#8221;fas icon-graduation-cap&#8221; color=&#8221;custom&#8221; size=&#8221;xl&#8221; align=&#8221;center&#8221; custom_color=&#8221;#0099cc&#8221;][vc_column_text css=&#8221;&#8221;]<\/p>\n<p style=\"text-align: center;\"><strong>N\u00ba de Plazas<\/strong><\/p>\n<p style=\"text-align: center;\">60<\/p>\n<p>[\/vc_column_text][\/vc_column_inner][vc_column_inner width=&#8221;1\/4&#8243;][vc_icon type=&#8221;material&#8221; icon_material=&#8221;vc-material vc-material-attach_money&#8221; color=&#8221;custom&#8221; size=&#8221;xl&#8221; align=&#8221;center&#8221; custom_color=&#8221;#0099cc&#8221;][vc_column_text]<\/p>\n<p style=\"text-align: center;\"><strong>Precio<\/strong><\/p>\n<p style=\"text-align: center;\">800\u20ac en dos plazos<\/p>\n<p>[\/vc_column_text][\/vc_column_inner][vc_column_inner width=&#8221;1\/4&#8243;][vc_icon icon_fontawesome=&#8221;far icon-calendar&#8221; color=&#8221;custom&#8221; size=&#8221;xl&#8221; align=&#8221;center&#8221; custom_color=&#8221;#0099cc&#8221;][vc_column_text css=&#8221;&#8221;]<\/p>\n<p style=\"text-align: center;\"><strong>Preinscripci\u00f3n<\/strong><\/p>\n<p style=\"text-align: center;\">Desde el 22 de mayo al 22 de septiembre 2025 *Ampliado hasta el 1 de octubre 2025<\/p>\n<p>[\/vc_column_text][\/vc_column_inner][\/vc_row_inner][\/vc_column][\/vc_row][vc_row type=&#8221;full_width_background&#8221; bg_color=&#8221;#FFFFFF&#8221;][vc_column][block_title inner_style_title=&#8221;only_text&#8221; title=&#8221;Testimonios&#8221;]Lo que opinan estudiantes que ya han cursado el titulo[\/block_title][separator width=&#8221;100px&#8221; position=&#8221;center&#8221; color=&#8221;#d69900&#8243; margin_bottom=&#8221;30px&#8221;][testimonial_carousel test_cat=&#8221;0&#8243; duration=&#8221;1000&#8243;][\/vc_column][\/vc_row][vc_row type=&#8221;full_width_background&#8221; bg_color=&#8221;#EEEEEE&#8221; el_id=&#8221;FAQ&#8221;][vc_column][block_title style=&#8221;column_title&#8221; title=&#8221;Preguntas frecuentes&#8221;][\/block_title][faq style=&#8221;style_2&#8243; faq_cat=&#8221;0&#8243;][\/vc_column][\/vc_row][vc_row type=&#8221;full_width_background&#8221; bg_image=&#8221;50&#8243; bg_position=&#8221;center center&#8221; cover_bg=&#8221;true&#8221; overlay=&#8221;true&#8221; overlay_color=&#8221;rgba(10,10,10,0.76)&#8221; text_color=&#8221;light&#8221; top_padding=&#8221;100&#8243; bottom_padding=&#8221;100&#8243; el_id=&#8221;registro&#8221;][vc_column][vc_column_text]<\/p>\n<h1 style=\"text-align: center;\"><a href=\"https:\/\/www.titulacionespropias.uma.es\/informacion_curso.php?id_curso=6903862\" target=\"_blank\" rel=\"noopener\">T\u00edtulo Experto Universitario en Investigaci\u00f3n Cl\u00ednica y Monitorizaci\u00f3n de Ensayos Cl\u00ednicos<\/a><\/h1>\n<p>[\/vc_column_text][vc_custom_heading text=&#8221;La preinscripci\u00f3n estar\u00e1 abierta desde el 22 de mayo hasta el 22 de septiembre a trav\u00e9s de la p\u00e1gina oficial T\u00edtulos Propios de la UMA.&#8221; font_container=&#8221;tag:h2|font_size:20px|text_align:center|color:%23cecece|line_height:30px&#8221; css=&#8221;&#8221; link=&#8221;url:https%3A%2F%2Fwww.titulacionespropias.uma.es%2Finformacion_curso.php%3Fid_curso%3D6903862|target:_blank&#8221;][vc_empty_space height=&#8221;25px&#8221;][vc_btn title=&#8221;Pre-inscripci\u00f3n&#8221; color=&#8221;primary&#8221; size=&#8221;lg&#8221; align=&#8221;center&#8221; css=&#8221;&#8221; link=&#8221;url:https%3A%2F%2Fwww.titulacionespropias.uma.es%2Finformacion_curso.php%3Fid_curso%3D6904116|target:_blank&#8221;][\/vc_column][\/vc_row][vc_row type=&#8221;full_width_background&#8221; el_id=&#8221;contacto&#8221;][vc_column][block_title style=&#8221;column_title&#8221; title=&#8221;Cont\u00e1ctanos para cualquier duda&#8221;][\/block_title][vc_raw_html]JTVCZm9ybWluYXRvcl9mb3JtJTIwaWQlM0QlMjI0MjElMjIlNUQ=[\/vc_raw_html][\/vc_column][\/vc_row][vc_row type=&#8221;full_width_content&#8221; top_padding=&#8221;3%&#8221;][vc_column][media alignment=&#8221;center&#8221; animation=&#8221;none&#8221; link=&#8221;&#8221; image=&#8221;529&#8243; width=&#8221;1200&#8243;][\/vc_column][\/vc_row][vc_row][vc_column width=&#8221;2\/3&#8243;][vc_column_text css=&#8221;.vc_custom_1755077986695{margin-bottom: 1px !important;}&#8221;]<\/p>\n<h3>Con la participaci\u00f3n y respaldo cient\u00edfico de:<\/h3>\n<p>[\/vc_column_text][media link=&#8221;https:\/\/www.ciberisciii.es\/&#8221; image=&#8221;391&#8243;][\/vc_column][vc_column width=&#8221;1\/3&#8243;][\/vc_column][\/vc_row]<\/p>\n<\/div>","protected":false},"excerpt":{"rendered":"<p>[vc_row][vc_column][separator width=&#8221;80px&#8221; height=&#8221;80px&#8221; color=&#8221;&#8221;][\/vc_column][\/vc_row][vc_row bg_color=&#8221;#095889&#8243; text_color=&#8221;light&#8221; transparency=&#8221;1&#8243;][vc_column width=&#8221;1\/3&#8243; background_color_opacity=&#8221;0.9&#8243; css=&#8221;.vc_custom_1709028707612{padding-top: 42px !important;padding-right: 10px !important;padding-bottom: 10px !important;padding-left: 10px !important;}&#8221;][services_medium title=&#8221;\u00bfPara qui\u00e9n?&#8221; style=&#8221;style_2&#8243; icon=&#8221;moon-accessibility&#8221; icon_color=&#8221;#00cccc&#8221; circle_color=&#8221;#f5f5f5&#8243; border_color=&#8221;#ffffff&#8221; dynamic_content_link=&#8221;&#8221;]Abierto a graduados\/as de las siguientes titulaciones: Medicina, Enfermer\u00eda, Fisioterapia, Farmacia, Psicolog\u00eda, Biolog\u00eda, Bioqu\u00edmica, Biotecnolog\u00eda o afines.[\/services_medium][\/vc_column][vc_column width=&#8221;1\/3&#8243; centered_cont=&#8221;true&#8221; background_color_opacity=&#8221;.9&#8243; css=&#8221;.vc_custom_1709029501131{padding-top: 42px !important;padding-right: 10px !important;padding-bottom: 10px !important;padding-left: 10px !important;}&#8221;][services_medium title=&#8221;Fechas [&hellip;]<\/p>\n","protected":false},"author":1,"featured_media":0,"parent":0,"menu_order":0,"comment_status":"closed","ping_status":"closed","template":"","meta":{"footnotes":""},"class_list":["post-6","page","type-page","status-publish","hentry"],"_links":{"self":[{"href":"https:\/\/investigacionymonitorizacionensayos.es\/index.php?rest_route=\/wp\/v2\/pages\/6","targetHints":{"allow":["GET"]}}],"collection":[{"href":"https:\/\/investigacionymonitorizacionensayos.es\/index.php?rest_route=\/wp\/v2\/pages"}],"about":[{"href":"https:\/\/investigacionymonitorizacionensayos.es\/index.php?rest_route=\/wp\/v2\/types\/page"}],"author":[{"embeddable":true,"href":"https:\/\/investigacionymonitorizacionensayos.es\/index.php?rest_route=\/wp\/v2\/users\/1"}],"replies":[{"embeddable":true,"href":"https:\/\/investigacionymonitorizacionensayos.es\/index.php?rest_route=%2Fwp%2Fv2%2Fcomments&post=6"}],"version-history":[{"count":100,"href":"https:\/\/investigacionymonitorizacionensayos.es\/index.php?rest_route=\/wp\/v2\/pages\/6\/revisions"}],"predecessor-version":[{"id":502,"href":"https:\/\/investigacionymonitorizacionensayos.es\/index.php?rest_route=\/wp\/v2\/pages\/6\/revisions\/502"}],"wp:attachment":[{"href":"https:\/\/investigacionymonitorizacionensayos.es\/index.php?rest_route=%2Fwp%2Fv2%2Fmedia&parent=6"}],"curies":[{"name":"wp","href":"https:\/\/api.w.org\/{rel}","templated":true}]}}